{"id":5072,"date":"2021-01-04T17:18:50","date_gmt":"2021-01-04T17:18:50","guid":{"rendered":"https:\/\/casadapraia.org\/?page_id=5072"},"modified":"2021-01-08T15:51:37","modified_gmt":"2021-01-08T15:51:37","slug":"ana-paula-ribeiro-3","status":"publish","type":"page","link":"https:\/\/casadapraia.org\/?page_id=5072","title":{"rendered":"Pedro Parrot Morato"},"content":{"rendered":"\t\t<div data-elementor-type=\"wp-post\" data-elementor-id=\"5072\" class=\"elementor elementor-5072\">\n\t\t\t\t\t\t<div class=\"elementor-inner\">\n\t\t\t\t<div class=\"elementor-section-wrap\">\n\t\t\t\t\t\t\t\t\t<section class=\"elementor-section elementor-top-section elementor-element elementor-element-451d7d9 elementor-section-boxed elementor-section-height-default elementor-section-height-default\" data-id=\"451d7d9\" data-element_type=\"section\">\n\t\t\t\t\t\t<div class=\"elementor-container elementor-column-gap-default\">\n\t\t\t\t\t\t\t<div class=\"elementor-row\">\n\t\t\t\t\t<div class=\"elementor-column elementor-col-100 elementor-top-column elementor-element elementor-element-c43a11d column-style-top column-top\" data-id=\"c43a11d\" data-element_type=\"column\">\n\t\t\t<div class=\"elementor-column-wrap elementor-element-populated\">\n\t\t\t\t\t\t\t<div class=\"elementor-widget-wrap\">\n\t\t\t\t\t\t<div class=\"elementor-element elementor-element-d3a804a elementor-widget elementor-widget-gva-heading-block\" data-id=\"d3a804a\" data-element_type=\"widget\" data-widget_type=\"gva-heading-block.default\">\n\t\t\t\t<div class=\"elementor-widget-container\">\n\t\t\t<div class=\"gva-element-gva-heading-block gva-element\">   <div class=\"align-center style-1 widget gsc-heading\">\r\n      <div class=\"content-inner\">\r\n                     <div class=\"heading-icon\"><img src=\"https:\/\/casadapraia.org\/wp-content\/plugins\/gavias-oxpitan-themer\/elementor\/assets\/images\/icon-heading.png\" alt=\"\u00d3rg\u00e3os Sociais \"\/><\/div>\r\n           \r\n                     <h2 class=\"title\">\r\n               <span>\u00d3rg\u00e3os Sociais <\/span>\r\n            <\/h2>\r\n                           \r\n               <\/div>\r\n   <\/div>\r\n   <div class=\"clearfix\"><\/div>\r\n<\/div>\t\t<\/div>\n\t\t\t\t<\/div>\n\t\t\t\t\t\t<\/div>\n\t\t\t\t\t<\/div>\n\t\t<\/div>\n\t\t\t\t\t\t\t\t<\/div>\n\t\t\t\t\t<\/div>\n\t\t<\/section>\n\t\t\t\t<section class=\"elementor-section elementor-top-section elementor-element elementor-element-c51512b elementor-section-boxed elementor-section-height-default elementor-section-height-default\" data-id=\"c51512b\" data-element_type=\"section\">\n\t\t\t\t\t\t<div class=\"elementor-container elementor-column-gap-default\">\n\t\t\t\t\t\t\t<div class=\"elementor-row\">\n\t\t\t\t\t<div class=\"elementor-column elementor-col-50 elementor-top-column elementor-element elementor-element-80652c1 column-style-top column-top\" data-id=\"80652c1\" data-element_type=\"column\">\n\t\t\t<div class=\"elementor-column-wrap elementor-element-populated\">\n\t\t\t\t\t\t\t<div class=\"elementor-widget-wrap\">\n\t\t\t\t\t\t<div class=\"elementor-element elementor-element-5656691 elementor-widget elementor-widget-image\" data-id=\"5656691\" data-element_type=\"widget\" data-widget_type=\"image.default\">\n\t\t\t\t<div class=\"elementor-widget-container\">\n\t\t\t\t\t\t\t\t<div class=\"elementor-image\">\n\t\t\t\t\t\t\t\t\t\t\t\t<img width=\"250\" height=\"260\" src=\"https:\/\/casadapraia.org\/wp-content\/uploads\/2021\/01\/pedro-morato.png\" class=\"attachment-large size-large\" alt=\"\" loading=\"lazy\" \/>\t\t\t\t\t\t\t\t\t\t\t\t\t\t<\/div>\n\t\t\t\t\t\t<\/div>\n\t\t\t\t<\/div>\n\t\t\t\t<div class=\"elementor-element elementor-element-65d69eb elementor-widget elementor-widget-gva-heading-block\" data-id=\"65d69eb\" data-element_type=\"widget\" data-widget_type=\"gva-heading-block.default\">\n\t\t\t\t<div class=\"elementor-widget-container\">\n\t\t\t<div class=\"gva-element-gva-heading-block gva-element\">   <div class=\"align-center style-1 widget gsc-heading\">\r\n      <div class=\"content-inner\">\r\n           \r\n                     <h2 class=\"title\">\r\n               <span>Pedro Parrot Morato<\/span>\r\n            <\/h2>\r\n                                       <div class=\"title-desc\">Presidente do Conselho Diretivo<\/div>\r\n         \r\n               <\/div>\r\n   <\/div>\r\n   <div class=\"clearfix\"><\/div>\r\n<\/div>\t\t<\/div>\n\t\t\t\t<\/div>\n\t\t\t\t\t\t<\/div>\n\t\t\t\t\t<\/div>\n\t\t<\/div>\n\t\t\t\t<div class=\"elementor-column elementor-col-50 elementor-top-column elementor-element elementor-element-198e3cd column-style-top column-top\" data-id=\"198e3cd\" data-element_type=\"column\">\n\t\t\t<div class=\"elementor-column-wrap elementor-element-populated\">\n\t\t\t\t\t\t\t<div class=\"elementor-widget-wrap\">\n\t\t\t\t\t\t<div class=\"elementor-element elementor-element-7ff108a elementor-widget elementor-widget-text-editor\" data-id=\"7ff108a\" data-element_type=\"widget\" data-widget_type=\"text-editor.default\">\n\t\t\t\t<div class=\"elementor-widget-container\">\n\t\t\t\t\t\t\t\t<div class=\"elementor-text-editor elementor-clearfix\">\n\t\t\t\t<p class=\"font_8\">Licenciado em Educa\u00e7\u00e3o F\u00edsica, Mestre em Ci\u00eancias\u00a0da Educa\u00e7\u00e3o, Doutorado em Educa\u00e7\u00e3o Especial e Reabilita\u00e7\u00e3o pela Faculdade de Motricidade Humana da Universidade de Lisboa;<\/p><p class=\"font_8\">Professor Associado. Regente das Unidades Curriculares de Psicopedagogia; de Reabilita\u00e7\u00e3o e \u00c9tica; e Metodologia da Investiga\u00e7\u00e3o dos cursos de Licenciatura e de Mestrado em Reabilita\u00e7\u00e3o\u00a0Psicomotora na FMH;<\/p><p class=\"font_8\">Coordenador da Especialidade de Doutoramento em Educa\u00e7\u00e3o Especial do curso de Doutoramento em Educa\u00e7\u00e3o;<\/p><p class=\"font_8\">Membro do Conselho de Escola da FMH-Ulisboa ( 2018-2022).<\/p>\t\t\t\t\t<\/div>\n\t\t\t\t\t\t<\/div>\n\t\t\t\t<\/div>\n\t\t\t\t\t\t<\/div>\n\t\t\t\t\t<\/div>\n\t\t<\/div>\n\t\t\t\t\t\t\t\t<\/div>\n\t\t\t\t\t<\/div>\n\t\t<\/section>\n\t\t\t\t\t\t\t\t\t<\/div>\n\t\t\t<\/div>\n\t\t\t\t\t<\/div>\n\t\t","protected":false},"excerpt":{"rendered":"<p>\u00d3rg\u00e3os Sociais Pedro Parrot Morato Presidente do Conselho Diretivo Licenciado em Educa\u00e7\u00e3o F\u00edsica, Mestre em Ci\u00eancias\u00a0da Educa\u00e7\u00e3o, Doutorado em Educa\u00e7\u00e3o Especial e Reabilita\u00e7\u00e3o pela Faculdade de Motricidade Humana da Universidade de Lisboa; Professor Associado. Regente das Unidades Curriculares de Psicopedagogia; de Reabilita\u00e7\u00e3o e \u00c9tica; e Metodologia da Investiga\u00e7\u00e3o dos cursos de Licenciatura e de Mestrado [&hellip;]<\/p>\n","protected":false},"author":1,"featured_media":0,"parent":0,"menu_order":0,"comment_status":"closed","ping_status":"closed","template":"","meta":[],"_links":{"self":[{"href":"https:\/\/casadapraia.org\/index.php?rest_route=\/wp\/v2\/pages\/5072"}],"collection":[{"href":"https:\/\/casadapraia.org\/index.php?rest_route=\/wp\/v2\/pages"}],"about":[{"href":"https:\/\/casadapraia.org\/index.php?rest_route=\/wp\/v2\/types\/page"}],"author":[{"embeddable":true,"href":"https:\/\/casadapraia.org\/index.php?rest_route=\/wp\/v2\/users\/1"}],"replies":[{"embeddable":true,"href":"https:\/\/casadapraia.org\/index.php?rest_route=%2Fwp%2Fv2%2Fcomments&post=5072"}],"version-history":[{"count":7,"href":"https:\/\/casadapraia.org\/index.php?rest_route=\/wp\/v2\/pages\/5072\/revisions"}],"predecessor-version":[{"id":5216,"href":"https:\/\/casadapraia.org\/index.php?rest_route=\/wp\/v2\/pages\/5072\/revisions\/5216"}],"wp:attachment":[{"href":"https:\/\/casadapraia.org\/index.php?rest_route=%2Fwp%2Fv2%2Fmedia&parent=5072"}],"curies":[{"name":"wp","href":"https:\/\/api.w.org\/{rel}","templated":true}]}}