{"id":5881,"date":"2022-10-12T13:27:16","date_gmt":"2022-10-12T13:27:16","guid":{"rendered":"https:\/\/casadapraia.org\/?page_id=5881"},"modified":"2022-10-12T13:35:58","modified_gmt":"2022-10-12T13:35:58","slug":"academias-gulbenkian-do-conhecimento","status":"publish","type":"page","link":"https:\/\/casadapraia.org\/?page_id=5881","title":{"rendered":"Academias Gulbenkian do Conhecimento"},"content":{"rendered":"\t\t<div data-elementor-type=\"wp-page\" data-elementor-id=\"5881\" class=\"elementor elementor-5881\">\n\t\t\t\t\t\t<div class=\"elementor-inner\">\n\t\t\t\t<div class=\"elementor-section-wrap\">\n\t\t\t\t\t\t\t\t\t<section class=\"elementor-section elementor-top-section elementor-element elementor-element-e31b172 elementor-section-boxed elementor-section-height-default elementor-section-height-default\" data-id=\"e31b172\" data-element_type=\"section\">\n\t\t\t\t\t\t<div class=\"elementor-container elementor-column-gap-default\">\n\t\t\t\t\t\t\t<div class=\"elementor-row\">\n\t\t\t\t\t<div class=\"elementor-column elementor-col-33 elementor-top-column elementor-element elementor-element-e237c14 column-style-top column-top\" data-id=\"e237c14\" data-element_type=\"column\">\n\t\t\t<div class=\"elementor-column-wrap\">\n\t\t\t\t\t\t\t<div class=\"elementor-widget-wrap\">\n\t\t\t\t\t\t\t\t<\/div>\n\t\t\t\t\t<\/div>\n\t\t<\/div>\n\t\t\t\t<div class=\"elementor-column elementor-col-33 elementor-top-column elementor-element elementor-element-e9ef8fd column-style-top column-top\" data-id=\"e9ef8fd\" data-element_type=\"column\">\n\t\t\t<div class=\"elementor-column-wrap elementor-element-populated\">\n\t\t\t\t\t\t\t<div class=\"elementor-widget-wrap\">\n\t\t\t\t\t\t<div class=\"elementor-element elementor-element-6592c2c elementor-widget elementor-widget-image\" data-id=\"6592c2c\" data-element_type=\"widget\" data-widget_type=\"image.default\">\n\t\t\t\t<div class=\"elementor-widget-container\">\n\t\t\t\t\t\t\t\t<div class=\"elementor-image\">\n\t\t\t\t\t\t\t\t\t\t\t\t<img width=\"740\" height=\"470\" src=\"https:\/\/casadapraia.org\/wp-content\/uploads\/2022\/10\/agc_logo_fundoazul_740.jpg\" class=\"attachment-large size-large\" alt=\"\" loading=\"lazy\" srcset=\"https:\/\/casadapraia.org\/wp-content\/uploads\/2022\/10\/agc_logo_fundoazul_740.jpg 740w, https:\/\/casadapraia.org\/wp-content\/uploads\/2022\/10\/agc_logo_fundoazul_740-600x381.jpg 600w\" sizes=\"(max-width: 740px) 100vw, 740px\" \/>\t\t\t\t\t\t\t\t\t\t\t\t\t\t<\/div>\n\t\t\t\t\t\t<\/div>\n\t\t\t\t<\/div>\n\t\t\t\t\t\t<\/div>\n\t\t\t\t\t<\/div>\n\t\t<\/div>\n\t\t\t\t<div class=\"elementor-column elementor-col-33 elementor-top-column elementor-element elementor-element-dd1127a column-style-top column-top\" data-id=\"dd1127a\" data-element_type=\"column\">\n\t\t\t<div class=\"elementor-column-wrap\">\n\t\t\t\t\t\t\t<div class=\"elementor-widget-wrap\">\n\t\t\t\t\t\t\t\t<\/div>\n\t\t\t\t\t<\/div>\n\t\t<\/div>\n\t\t\t\t\t\t\t\t<\/div>\n\t\t\t\t\t<\/div>\n\t\t<\/section>\n\t\t\t\t<section class=\"elementor-section elementor-top-section elementor-element elementor-element-734f6fd elementor-section-boxed elementor-section-height-default elementor-section-height-default\" data-id=\"734f6fd\" data-element_type=\"section\">\n\t\t\t\t\t\t<div class=\"elementor-container elementor-column-gap-default\">\n\t\t\t\t\t\t\t<div class=\"elementor-row\">\n\t\t\t\t\t<div class=\"elementor-column elementor-col-100 elementor-top-column elementor-element elementor-element-da44ff2 column-style-top column-top\" data-id=\"da44ff2\" data-element_type=\"column\">\n\t\t\t<div class=\"elementor-column-wrap elementor-element-populated\">\n\t\t\t\t\t\t\t<div class=\"elementor-widget-wrap\">\n\t\t\t\t\t\t<div class=\"elementor-element elementor-element-5b5ace2 elementor-widget elementor-widget-text-editor\" data-id=\"5b5ace2\" data-element_type=\"widget\" data-widget_type=\"text-editor.default\">\n\t\t\t\t<div class=\"elementor-widget-container\">\n\t\t\t\t\t\t\t\t<div class=\"elementor-text-editor elementor-clearfix\">\n\t\t\t\t<p><strong>Compet\u00eancias Socioemocionais em Meio Escolar<\/strong><\/p>\t\t\t\t\t<\/div>\n\t\t\t\t\t\t<\/div>\n\t\t\t\t<\/div>\n\t\t\t\t<div class=\"elementor-element elementor-element-b5726f8 elementor-widget elementor-widget-text-editor\" data-id=\"b5726f8\" data-element_type=\"widget\" data-widget_type=\"text-editor.default\">\n\t\t\t\t<div class=\"elementor-widget-container\">\n\t\t\t\t\t\t\t\t<div class=\"elementor-text-editor elementor-clearfix\">\n\t\t\t\t<p>Projeto financiado pelas Academias Gulbenkian do Conhecimento, coordenado pela Casa da Praia com parcerias com:<\/p><p>\u00a0 \u00a0a) Agrupamento de Escolas Manuel da Maia (contexto de interven\u00e7\u00e3o priorit\u00e1rio \u2013 alunos, suas fam\u00edlias e professores);<\/p><p>\u00a0 \u00a0b) Associa\u00e7\u00e3o 1, 2, 3 Macaquinho do Xin\u00eas (interven\u00e7\u00e3o semanal com crian\u00e7as);<\/p><p>\u00a0 \u00a0c) Associa\u00e7\u00e3o Pensamento Vivo (oficina de forma\u00e7\u00e3o para docentes e t\u00e9cnicos de sa\u00fade).<\/p><p>O car\u00e1cter inovador do projeto adv\u00e9m do facto de, com base na abordagem Whole School Approach, envolver na implementa\u00e7\u00e3o do programa de CSE os alunos, suas fam\u00edlias e professores. A nossa proposta est\u00e1 sustentada em metodologias que, adaptadas \u00e0s CSE em meio escolar, constituem a base relacional para a preven\u00e7\u00e3o e remedia\u00e7\u00e3o de problem\u00e1ticas do foro emocional e desenvolvimento pessoal em alunos do 1\u00ba ciclo do ensino b\u00e1sico, com consequente impacto no sucesso escolar. A capacita\u00e7\u00e3o de professores, fam\u00edlias e t\u00e9cnicos de educa\u00e7\u00e3o e sa\u00fade pretende criar e manter estruturas de suporte em articula\u00e7\u00e3o com comunidade, garantindo a sustentabilidade do projecto e a constitui\u00e7\u00e3o de um centro de recursos na comunidade para o desenvolvimento de CSE.<\/p>\t\t\t\t\t<\/div>\n\t\t\t\t\t\t<\/div>\n\t\t\t\t<\/div>\n\t\t\t\t\t\t<\/div>\n\t\t\t\t\t<\/div>\n\t\t<\/div>\n\t\t\t\t\t\t\t\t<\/div>\n\t\t\t\t\t<\/div>\n\t\t<\/section>\n\t\t\t\t\t\t\t\t\t<\/div>\n\t\t\t<\/div>\n\t\t\t\t\t<\/div>\n\t\t","protected":false},"excerpt":{"rendered":"<p>Compet\u00eancias Socioemocionais em Meio Escolar Projeto financiado pelas Academias Gulbenkian do Conhecimento, coordenado pela Casa da Praia com parcerias com: \u00a0 \u00a0a) Agrupamento de Escolas Manuel da Maia (contexto de interven\u00e7\u00e3o priorit\u00e1rio \u2013 alunos, suas fam\u00edlias e professores); \u00a0 \u00a0b) Associa\u00e7\u00e3o 1, 2, 3 Macaquinho do Xin\u00eas (interven\u00e7\u00e3o semanal com crian\u00e7as); \u00a0 \u00a0c) Associa\u00e7\u00e3o Pensamento [&hellip;]<\/p>\n","protected":false},"author":1,"featured_media":0,"parent":0,"menu_order":0,"comment_status":"closed","ping_status":"closed","template":"","meta":[],"_links":{"self":[{"href":"https:\/\/casadapraia.org\/index.php?rest_route=\/wp\/v2\/pages\/5881"}],"collection":[{"href":"https:\/\/casadapraia.org\/index.php?rest_route=\/wp\/v2\/pages"}],"about":[{"href":"https:\/\/casadapraia.org\/index.php?rest_route=\/wp\/v2\/types\/page"}],"author":[{"embeddable":true,"href":"https:\/\/casadapraia.org\/index.php?rest_route=\/wp\/v2\/users\/1"}],"replies":[{"embeddable":true,"href":"https:\/\/casadapraia.org\/index.php?rest_route=%2Fwp%2Fv2%2Fcomments&post=5881"}],"version-history":[{"count":7,"href":"https:\/\/casadapraia.org\/index.php?rest_route=\/wp\/v2\/pages\/5881\/revisions"}],"predecessor-version":[{"id":5893,"href":"https:\/\/casadapraia.org\/index.php?rest_route=\/wp\/v2\/pages\/5881\/revisions\/5893"}],"wp:attachment":[{"href":"https:\/\/casadapraia.org\/index.php?rest_route=%2Fwp%2Fv2%2Fmedia&parent=5881"}],"curies":[{"name":"wp","href":"https:\/\/api.w.org\/{rel}","templated":true}]}}